{"id":338,"date":"2017-04-01T15:22:27","date_gmt":"2017-04-01T13:22:27","guid":{"rendered":"http:\/\/arbr.fr\/wordpress\/?page_id=338"},"modified":"2018-09-30T04:45:11","modified_gmt":"2018-09-30T02:45:11","slug":"un-peu-dhistoire","status":"publish","type":"page","link":"https:\/\/arbr.fr\/wordpress\/un-peu-dhistoire\/","title":{"rendered":"Un peu d&rsquo;histoire&#8230;"},"content":{"rendered":"<p>\u00c0 quelques kilom\u00e8tres de Nantes, dans la commune d&rsquo;Orvault, tout le monde conna\u00eet le Bois Raguenet. Mais qui aurait pu penser que la vie au Bois Raguenet existe depuis le n\u00e9olithique (- 5000 avant J\u00e9sus-Christ). En effet, on a pu retrouver trois h\u00e2ches de pierre datant de cette \u00e9poque \u00e0 proximit\u00e9 du parc. Mais ce n&rsquo;est qu&rsquo;\u00e0 partir de 1478, que l&rsquo;on recense les premiers propri\u00e9taires. Au fil des ann\u00e9es, plusieurs b\u00e2tisses ont \u00e9t\u00e9 construites, tels que le ch\u00e2teau, la ferme Poisson, la chapelle, la salle cultuelle, le four \u00e0 pain, les lavoirs, les fontaines et d&rsquo;autres encore. Ces constructions ont naturellement contribu\u00e9 \u00e0 la notori\u00e9t\u00e9 du Bois.<\/p>\n<p><a name=\"chateau\"><\/a><\/p>\n<h1>Le ch\u00e2teau du Bois Raguenet<\/h1>\n<p><img decoding=\"async\" class=\"alignleft\" src=\"https:\/\/www.arbr.fr\/histoire\/chateau.jpg\" alt=\"logo\" \/>Le ch\u00e2teau a \u00e9t\u00e9 construit en 1856 par la famille Magnier de Maisonneuve en style n\u00e9o-gothique. Il \u00e9tait situ\u00e9 dans le parc face \u00e0 l&rsquo;\u00e9tang, poss\u00e9dait des tourelles d&rsquo;angles (cf photo) et sa pierre de base \u00e9tait le tuffeau. La famille Magnier de Maisonneuve \u00e9tait propri\u00e9taire du Bois Raguenet et du ch\u00e2teau. Cette famille, r\u00e9sidant \u00e0 Paris, pouvait louer ce ch\u00e2teau, dont les locataires se sont succ\u00e9d\u00e9s. On peut retenir que de 1937 \u00e0 1950, la famille Perchet puis, la famille Rivet, notaire \u00e0 la Chapelle sur Erdre, louaient le ch\u00e2teau et en 1950, la famille Pilon de Loynes a sign\u00e9 un bail pour 20 ans renouvelable. En 1970, Mr de Maisonneuve a voulu renouveler le bail, mais Mr et Mme Pilon de Loynes n&rsquo;ont pas accept\u00e9. La justice a d\u00fb intervenir et, suite \u00e0 une cassation de jugement, Mr de Maisonneuve a perdu ses droits et a donc d\u00e9cid\u00e9 que le ch\u00e2teau ne serait plus habit\u00e9. La famille Pilon de Loynes a donc occup\u00e9 le ch\u00e2teau jusqu&rsquo;en 1972. En 1974, ce manoir a servi de bureau d&rsquo;accueil pour le lotissement.<\/p>\n<p>&nbsp;<\/p>\n<p><img loading=\"lazy\" decoding=\"async\" class=\"alignleft\" src=\"https:\/\/www.arbr.fr\/histoire\/chateau2.jpg\" alt=\"logo\" width=\"503\" height=\"320\" \/>D\u00e8s le d\u00e9but de la construction du lotissement, les habitants du Bois Raguenet deviennent propri\u00e9taires du parc et du ch\u00e2teau. Mais, au fil des ann\u00e9es, le ch\u00e2teau se d\u00e9grade et une r\u00e9novation semble n\u00e9cessaire. Ceci \u00e9tant trop co\u00fbteux pour les habitants, ils d\u00e9cident de le d\u00e9truire et conserver le parc, plut\u00f4t que de laisser la mairie s&rsquo;en approprier et le transformer en centre socio-\u00e9ducatif. L&rsquo;enqu\u00eate publique de 1979 a en effet r\u00e9v\u00e9l\u00e9 que peu de personnes \u00e9taient favorables \u00e0 la r\u00e9utilisation du ch\u00e2teau. Apr\u00e8s de longues concertations, aucune vente n&rsquo;a pu s&rsquo;effectuer au profit de la F\u00e9d\u00e9ration d&rsquo;associations du quartier ou \u00e0 celui de la commune. Plus rien ne s&rsquo;opposait \u00e0 la d\u00e9molition du ch\u00e2teau. En mars 1983, le permis de d\u00e9molir a \u00e9t\u00e9 demand\u00e9 et, le 16 Juin de la m\u00eame ann\u00e9e, il a \u00e9t\u00e9 accord\u00e9 par le Pr\u00e9fet. Le 5 Juin 1984, les habitants du Bois Raguenet ont assist\u00e9 \u00e0 la destruction d&rsquo;un patrimoine qui restera grav\u00e9 dans les m\u00e9moires. De nos jours, chaque habitant poss\u00e8de une quote part de ce parc et de l&rsquo;\u00e9tang, le tout faisant un peu plus de 4,5 hectares.<\/p>\n<p><a name=\"demolition\"><\/a><\/p>\n<h1>Histoire d&rsquo;une d\u00e9molition<img loading=\"lazy\" decoding=\"async\" class=\"alignright\" src=\"https:\/\/www.arbr.fr\/histoire\/demolition.jpg\" alt=\"logo\" width=\"209\" height=\"192\" \/><\/h1>\n<p>&nbsp;<\/p>\n<p>Le Jeudi de l&rsquo;Ascension pr\u00e9c\u00e9dant la d\u00e9molition du ch\u00e2teau, un homme convoitant une boule de verre situ\u00e9e au f\u00e9tage d&rsquo;une tourelle du ch\u00e2teau d\u00e9cida de la r\u00e9cup\u00e9rer. Malheureusement, au cours de son ascension, il perdit l&rsquo;\u00e9quilibre et chuta mortellement.<br \/>\n<a name=\"ferme_poisson\"><\/a><\/p>\n<h1><\/h1>\n<h1>La Ferme Poisson<\/h1>\n<p><img decoding=\"async\" class=\"alignleft\" src=\"https:\/\/www.arbr.fr\/histoire\/chateau3.jpg\" alt=\"logo\" \/><\/p>\n<p>&nbsp;<\/p>\n<p>Cette demeure date du XVIII\u00e8me si\u00e8cle. Elle sera habit\u00e9e pendant quelques ann\u00e9es par les propri\u00e9taires du futur ch\u00e2teau, en attendant la construction de celui-ci. Au d\u00e9but du si\u00e8cle, certains disaient qu&rsquo;elle avait \u00e9t\u00e9 occup\u00e9e par une communaut\u00e9 de moines et qu&rsquo;une partie du jardin servait de cimeti\u00e8re. Pour \u00eatre s\u00fbr de cette affirmation, des fouilles seraient n\u00e9cessaires. Par la suite, cette vieille demeure avec son escalier int\u00e9rieur en bois sculpt\u00e9, sa chemin\u00e9e en tufeau ainsi que son sol dall\u00e9 de carr\u00e9s de briques, f\u00fbt transform\u00e9e en ferme.\u00a0 L&rsquo;une des fa\u00e7ades de cette ferme s&rsquo;ouvrait sur une cour donnant sur les remises, les \u00e9curies et la porcherie, l&rsquo;autre donnait sur le parc. L&rsquo;activit\u00e9 principale de cette ferme \u00e9tait la production laiti\u00e8re vendue ensuite dans le centre ville.<\/p>\n<p>Pendant la R\u00e9volution, le vicaire Julien David, agress\u00e9 dans le presbyt\u00e8re du Bourg, s&rsquo;est r\u00e9fugi\u00e9 au Bois Raguenet o\u00f9 Les Proudouin l&rsquo;ont cach\u00e9. Mais, suite \u00e0 une trahison, ces deux habitants ont \u00e9t\u00e9 ex\u00e9cut\u00e9s et la vieille demeure pill\u00e9e.<\/p>\n<p>Apr\u00e8s la d\u00e9route des r\u00e9volt\u00e9s sur les rives du Cens, le vicaire Julien David revint \u00e0 Orvault. Mais la r\u00e9gion \u00e9tait parcourue par des bandes de rebelles, \u00ab\u00a0des chouans\u00a0\u00bb qui vivaient dans le pays et se manifestaient par des ex\u00e9cutions sauvages. Ainsi, Julien David informe les repr\u00e9sentants du peuple que le 2 F\u00e9vrier 1795, soixante sc\u00e9l\u00e9rats sont entr\u00e9s dans la maison du Bois Raguenet arm\u00e9s de fusils, sabres et pistolets, ont pris le citoyen Proudouin et sa femme, les ont men\u00e9s dans le jardin de la maison et les ont fusill\u00e9s, ensuite ils pill\u00e8rent et vol\u00e8rent tout ce qu&rsquo;ils purent trouver.<\/p>\n<p>&nbsp;<\/p>\n<p><img decoding=\"async\" src=\"https:\/\/www.arbr.fr\/histoire\/ferme_poisson_1.jpg\" alt=\"logo\" \/><img loading=\"lazy\" decoding=\"async\" class=\"\" src=\"https:\/\/www.arbr.fr\/histoire\/ferme_poisson_2.jpg\" alt=\"logo\" width=\"341\" height=\"252\" \/><\/p>\n<p>La famille Magnier de Maisonneuve, propri\u00e9taire jusqu&rsquo;\u00e0 la construction du lotissement, ont eu diff\u00e9rents locataires : Les familles Deniaud, Pageot puis la famille Poisson qui d\u00e9m\u00e9nagea en 1972. Cette ferme qui garde encore de nos jours une certaine allure, a \u00e9t\u00e9 transform\u00e9e, quelques ann\u00e9es plus tard, en centre socio-culturel. Ce centre porte d&rsquo;ailleurs le nom du dernier locataire : la Ferme Poisson.<a name=\"chapelle\"><\/a><\/p>\n<h1>La chapelle du Bois Raguenet<\/h1>\n<p>La chapelle du Bois Raguenet, qu&rsquo;il ne faut pas confondre avec l&rsquo;actuelle salle cultuelle, se situait entre l&rsquo;ancien ch\u00e2teau et la maison du jardinier. Cette chapelle comptait parmi les douze recens\u00e9es \u00e0 Orvault, mais les archives ne vous disent pas ni quand ni par qui elle f\u00fbt construite. Il y a quarante ans, le locataire du ch\u00e2teau de cette \u00e9poque, Mr Ren\u00e9 RIVET, venait l&rsquo;entretenir r\u00e9guli\u00e8rement. Pendant les guerres de 14 et de 40, les habitants de ce petit village, s&rsquo;y rassemblaient tous les soirs pour prier. Tous les ans, ils s&rsquo;y r\u00e9unissaient \u00e0 la tomb\u00e9e du jour, pour y faire ensemble, leur mois de Marie. Autrement, les plus fervents s&rsquo;y retrouvaient pour y r\u00e9citer leur chapelet et leur pri\u00e8re du soir. Sous Mr. RIVET, cette chapelle a connu de grands jours. Pendant quelques ann\u00e9es, le premier Vendredi du mois \u00e9tait f\u00eat\u00e9 avec la messe dite par un capucin de Nantes. Au fil des ann\u00e9es, la chapelle a commenc\u00e9 \u00e0 tomber en ruine, la croix en pierre situ\u00e9e sur le toit devenait dangereuse, elle a donc \u00e9t\u00e9 d\u00e9pos\u00e9e \u00e0 l&rsquo;int\u00e9rieur de la salle cultuelle. De cette chapelle longtemps rest\u00e9e en attente de restauration, il n&rsquo;en reste rien mis \u00e0 part quelques gravats de pierres et d&rsquo;ardoises. En effet, pendant quelques ann\u00e9es, il a \u00e9t\u00e9 question de la r\u00e9nover mais, ceci sans r\u00e9sultat, son \u00e9tat s&rsquo;est empir\u00e9. En 1994, la F\u00e9d\u00e9ration du Bois Raguenet a donc pris la d\u00e9cision de faire abattre les murs devenus trop dangereux pour les enfants du quartier qui utilisaient cette ruine comme cabane.<a name=\"salle_cultuelle\"><\/a><\/p>\n<h1>Salle cultuelle<\/h1>\n<p>L&rsquo;actuelle salle appel\u00e9e Chapelle Saint-Ren\u00e9, \u00e9tait autrefois un b\u00e2timent \u00e0 usage agricole. Les deux piliers qui ont \u00e9t\u00e9 conserv\u00e9s, supportaient la toiture d&rsquo;un hangar o\u00f9 \u00e9taient rang\u00e9es les charrettes du propri\u00e9taire de la Ferme Poisson. Dans le prolongement de ce b\u00e2timent, se trouvait la grange de la ferme de Mr. CLOUET.<\/p>\n<p><img decoding=\"async\" src=\"https:\/\/www.arbr.fr\/histoire\/chapelle_saint_rene_1.jpg\" alt=\"logo\" \/><img decoding=\"async\" src=\"https:\/\/www.arbr.fr\/histoire\/chapelle_saint_rene_2.jpg\" alt=\"logo\" \/><\/p>\n<p><a name=\"four_a_pain\"><\/a><\/p>\n<h1>Le four \u00e0 pain<\/h1>\n<p>Au Bois Raguenet, les habitants disposaient d&rsquo;un four \u00e0 pain collectif. Ce four \u00e9tait tr\u00e8s bien con\u00e7u. En effet, avant d&rsquo;arriver au four, il y avait deux bancs pour permettre aux gens de discuter pendant la cuisson du pain.<br \/>\nCe four a \u00e9t\u00e9 sauvegard\u00e9 et se situe toujours pr\u00e8s de la petite mare en face de l&rsquo;\u00e9cole. Etant donn\u00e9 que ce patrimoine se trouve dans le jardin d&rsquo;un propri\u00e9taire, il est impossible d&rsquo;obtenir plus d&rsquo;informations. On peut juste dire qu&rsquo;il a \u00e9t\u00e9 recouvert d&rsquo;ardoises et qu&rsquo;il est rest\u00e9 en service jusqu&rsquo;en 1975.<a name=\"lavoirs\"><\/a><\/p>\n<h1>Les lavoirs<\/h1>\n<p>En bas du parc se dresse l&rsquo;\u00e9tang du Bois Raguenet. Cet \u00e9tang d&rsquo;environ 37 ares \u00e0 la particularit\u00e9 d&rsquo;\u00eatre agr\u00e9ment\u00e9 d&rsquo;un simple lavoir comme la ville en a tant connu. Ce lavoir est de m\u00eame \u00e9poque que celle du ch\u00e2teau (1856), il servait aux habitants des fermes et du ch\u00e2teau. En 1994, la F\u00e9d\u00e9ration du Bois Raguenet a d\u00e9cid\u00e9 de proc\u00e9der au nettoyage de l&rsquo;\u00e9tang, en effet ce dernier remontait \u00e0 140 ans.<\/p>\n<h1><img decoding=\"async\" src=\"https:\/\/www.arbr.fr\/histoire\/lavoir.jpg\" alt=\"logo\" \/><\/h1>\n<h1>Les fontaines<a name=\"fontaines\"><\/a><\/h1>\n<p><img decoding=\"async\" class=\"alignleft\" src=\"https:\/\/www.arbr.fr\/histoire\/fontaine1.jpg\" alt=\"logo\" \/><img decoding=\"async\" class=\"alignright\" src=\"https:\/\/www.arbr.fr\/histoire\/fontaine2.jpg\" alt=\"logo\" \/>En se baladant dans le Bois Raguenet, notre regard est port\u00e9 sur deux fontaines construites chacune \u00e0 deux \u00e9poques diff\u00e9rentes. En effet, celle situ\u00e9e \u00e0 proximit\u00e9 de l&rsquo;\u00e9tang et en contre bas de l&rsquo;ex-chemin de la fontaine actuelle, avenue du Couchant, date de la construction du ch\u00e2teau (1856). Seuls, les gens du ch\u00e2teau y venaient pour s&rsquo;approvisionner en eau fra\u00eeche et potable. H\u00e9las, pendant la viabilisation des terrains, la source a d\u00fb \u00eatre coup\u00e9e (photo de gauche). L&rsquo;autre fontaine est plus r\u00e9cente, sa construction date du d\u00e9but du lotissement du Bois Raguenet (photo de droite).<\/p>\n<p><a name=\"divers\"><\/a><\/p>\n<h1>\u00a0Divers<\/h1>\n<p>Deux autres fermes faisaient face \u00e0 l&rsquo;actuel centre socio-culturel, premi\u00e8re construction du Bois Raguenet, mais compte tenu des projets de constructions, ces exploitants ont du arr\u00eater leur activit\u00e9 : Mr Aubry en 1968 et Mr Clouet en 1979.<\/p>\n<table align=\"center\">\n<tbody>\n<tr>\n<td><\/td>\n<td><\/td>\n<\/tr>\n<\/tbody>\n<\/table>\n<p>C&rsquo;est \u00e0 cette \u00e9poque (1972), que le promoteur Mr Gougenheim, commen\u00e7a la viabilisation. Le ch\u00e2teau construit en 1856, servira de bureau d&rsquo;accueil pour les futurs habitants, ceci d\u00e8s 1974. Les nouvelles habitations vont se succ\u00e9der, mais notons tout de m\u00eame que les quatre premi\u00e8res, datant de 1973, situ\u00e9es dans la rue de l&rsquo;Aire aux Grains sont diff\u00e9rentes des autres. N\u00e9anmoins, dans ce petit bois, qui a connu de vives transformations, coule toujours son petit ruisseau du Bois Raguenet qui rejoint celui de la Jalli\u00e8re au creux de la vall\u00e9e du petit moulin appel\u00e9 la Planche au Jau. Enfin, d\u00e8s 1979, les enfants du Bois Raguenet ont connu les petits sentiers boueux pour se rendre \u00e0 l&rsquo;\u00e9cole qui s&rsquo;est ouverte en septembre 1979. Ce n&rsquo;est qu&rsquo;\u00e0 cette p\u00e9riode, que les commerces et le gymnase se sont construits.<a name=\"plan\"><\/a><\/p>\n<h1><img decoding=\"async\" class=\"alignleft\" src=\"https:\/\/www.arbr.fr\/histoire\/ferme1.jpg\" alt=\"logo\" \/><img decoding=\"async\" class=\"alignnone\" src=\"https:\/\/www.arbr.fr\/histoire\/ferme2.jpg\" alt=\"logo\" \/><\/h1>\n<h1><\/h1>\n<h1>Plan du Bois Raguenet<\/h1>\n<table align=\"center\">\n<tbody>\n<tr align=\"center\">\n<td><strong>Le Bois Raguenet en 1839<\/strong><\/td>\n<td><strong>Le Bois Raguenet de nos jours<\/strong><\/td>\n<\/tr>\n<tr align=\"center\">\n<td><img decoding=\"async\" src=\"https:\/\/www.arbr.fr\/histoire\/br_1839.jpg\" alt=\"logo\" \/><\/td>\n<td><img decoding=\"async\" src=\"https:\/\/www.arbr.fr\/histoire\/br_actuel.jpg\" alt=\"logo\" \/><\/td>\n<\/tr>\n<\/tbody>\n<\/table>\n<p>&nbsp;<\/p>\n<p>Avant 1972, l&rsquo;entr\u00e9e du Bois Raguenet, aujourd&rsquo;hui marqu\u00e9e par un rond-point, nous amenait \u00e0 un chemin tr\u00e8s cahoteux appel\u00e9 le petit chemin de la Fontaine, qui doit son nom \u00e0 la fontaine situ\u00e9e en contre bas de cette rue et \u00e0 proximit\u00e9 de l&rsquo;\u00e9tang. Tout en longeant cette voie principale, les habitants arrivaient au c\u0153ur m\u00eame du village o\u00f9 se trouvaient les maisons d&rsquo;habitations, les b\u00e2timents agricoles, le four \u00e0 pain et autres b\u00e2tisses. Les gens pouvaient acc\u00e9der \u00e0 ces propri\u00e9t\u00e9s par l&rsquo;avenue du Bois Raguenet, aujourd&rsquo;hui appel\u00e9e Chemin des M\u00e2tines.<\/p>\n","protected":false},"excerpt":{"rendered":"<p>\u00c0 quelques kilom\u00e8tres de Nantes, dans la commune d&rsquo;Orvault, tout le monde conna\u00eet le Bois Raguenet. Mais qui aurait pu penser que la vie au Bois Raguenet existe depuis le n\u00e9olithique (- 5000 avant&#46;&#46;&#46;<\/p>\n","protected":false},"author":1,"featured_media":0,"parent":0,"menu_order":0,"comment_status":"closed","ping_status":"closed","template":"","meta":{"ngg_post_thumbnail":0,"footnotes":""},"class_list":["post-338","page","type-page","status-publish","hentry"],"yoast_head":"<!-- This site is optimized with the Yoast SEO plugin v24.1 - https:\/\/yoast.com\/wordpress\/plugins\/seo\/ -->\n<title>Un peu d&#039;histoire... - ARBR<\/title>\n<meta name=\"robots\" content=\"index, follow, max-snippet:-1, max-image-preview:large, max-video-preview:-1\" \/>\n<link rel=\"canonical\" href=\"https:\/\/arbr.fr\/wordpress\/un-peu-dhistoire\/\" \/>\n<meta property=\"og:locale\" content=\"fr_FR\" \/>\n<meta property=\"og:type\" content=\"article\" \/>\n<meta property=\"og:title\" content=\"Un peu d&#039;histoire... - ARBR\" \/>\n<meta property=\"og:description\" content=\"\u00c0 quelques kilom\u00e8tres de Nantes, dans la commune d&rsquo;Orvault, tout le monde conna\u00eet le Bois Raguenet. Mais qui aurait pu penser que la vie au Bois Raguenet existe depuis le n\u00e9olithique (- 5000 avant&#046;&#046;&#046;\" \/>\n<meta property=\"og:url\" content=\"https:\/\/arbr.fr\/wordpress\/un-peu-dhistoire\/\" \/>\n<meta property=\"og:site_name\" content=\"ARBR\" \/>\n<meta property=\"article:modified_time\" content=\"2018-09-30T02:45:11+00:00\" \/>\n<meta property=\"og:image\" content=\"https:\/\/www.arbr.fr\/histoire\/chateau.jpg\" \/>\n<meta name=\"twitter:card\" content=\"summary_large_image\" \/>\n<meta name=\"twitter:label1\" content=\"Dur\u00e9e de lecture estim\u00e9e\" \/>\n\t<meta name=\"twitter:data1\" content=\"9 minutes\" \/>\n<script type=\"application\/ld+json\" class=\"yoast-schema-graph\">{\"@context\":\"https:\/\/schema.org\",\"@graph\":[{\"@type\":\"WebPage\",\"@id\":\"https:\/\/arbr.fr\/wordpress\/un-peu-dhistoire\/\",\"url\":\"https:\/\/arbr.fr\/wordpress\/un-peu-dhistoire\/\",\"name\":\"Un peu d'histoire... - ARBR\",\"isPartOf\":{\"@id\":\"https:\/\/arbr.fr\/wordpress\/#website\"},\"primaryImageOfPage\":{\"@id\":\"https:\/\/arbr.fr\/wordpress\/un-peu-dhistoire\/#primaryimage\"},\"image\":{\"@id\":\"https:\/\/arbr.fr\/wordpress\/un-peu-dhistoire\/#primaryimage\"},\"thumbnailUrl\":\"https:\/\/www.arbr.fr\/histoire\/chateau.jpg\",\"datePublished\":\"2017-04-01T13:22:27+00:00\",\"dateModified\":\"2018-09-30T02:45:11+00:00\",\"breadcrumb\":{\"@id\":\"https:\/\/arbr.fr\/wordpress\/un-peu-dhistoire\/#breadcrumb\"},\"inLanguage\":\"fr-FR\",\"potentialAction\":[{\"@type\":\"ReadAction\",\"target\":[\"https:\/\/arbr.fr\/wordpress\/un-peu-dhistoire\/\"]}]},{\"@type\":\"ImageObject\",\"inLanguage\":\"fr-FR\",\"@id\":\"https:\/\/arbr.fr\/wordpress\/un-peu-dhistoire\/#primaryimage\",\"url\":\"https:\/\/www.arbr.fr\/histoire\/chateau.jpg\",\"contentUrl\":\"https:\/\/www.arbr.fr\/histoire\/chateau.jpg\"},{\"@type\":\"BreadcrumbList\",\"@id\":\"https:\/\/arbr.fr\/wordpress\/un-peu-dhistoire\/#breadcrumb\",\"itemListElement\":[{\"@type\":\"ListItem\",\"position\":1,\"name\":\"Accueil\",\"item\":\"https:\/\/arbr.fr\/wordpress\/\"},{\"@type\":\"ListItem\",\"position\":2,\"name\":\"Un peu d&rsquo;histoire&#8230;\"}]},{\"@type\":\"WebSite\",\"@id\":\"https:\/\/arbr.fr\/wordpress\/#website\",\"url\":\"https:\/\/arbr.fr\/wordpress\/\",\"name\":\"ARBR\",\"description\":\"Association des r\u00e9sidents du Bois Raguenet\",\"publisher\":{\"@id\":\"https:\/\/arbr.fr\/wordpress\/#organization\"},\"potentialAction\":[{\"@type\":\"SearchAction\",\"target\":{\"@type\":\"EntryPoint\",\"urlTemplate\":\"https:\/\/arbr.fr\/wordpress\/?s={search_term_string}\"},\"query-input\":{\"@type\":\"PropertyValueSpecification\",\"valueRequired\":true,\"valueName\":\"search_term_string\"}}],\"inLanguage\":\"fr-FR\"},{\"@type\":\"Organization\",\"@id\":\"https:\/\/arbr.fr\/wordpress\/#organization\",\"name\":\"ARBR\",\"url\":\"https:\/\/arbr.fr\/wordpress\/\",\"logo\":{\"@type\":\"ImageObject\",\"inLanguage\":\"fr-FR\",\"@id\":\"https:\/\/arbr.fr\/wordpress\/#\/schema\/logo\/image\/\",\"url\":\"https:\/\/arbr.fr\/wordpress\/wp-content\/uploads\/2017\/03\/0.png\",\"contentUrl\":\"https:\/\/arbr.fr\/wordpress\/wp-content\/uploads\/2017\/03\/0.png\",\"width\":650,\"height\":283,\"caption\":\"ARBR\"},\"image\":{\"@id\":\"https:\/\/arbr.fr\/wordpress\/#\/schema\/logo\/image\/\"}}]}<\/script>\n<!-- \/ Yoast SEO plugin. -->","yoast_head_json":{"title":"Un peu d'histoire... - ARBR","robots":{"index":"index","follow":"follow","max-snippet":"max-snippet:-1","max-image-preview":"max-image-preview:large","max-video-preview":"max-video-preview:-1"},"canonical":"https:\/\/arbr.fr\/wordpress\/un-peu-dhistoire\/","og_locale":"fr_FR","og_type":"article","og_title":"Un peu d'histoire... - ARBR","og_description":"\u00c0 quelques kilom\u00e8tres de Nantes, dans la commune d&rsquo;Orvault, tout le monde conna\u00eet le Bois Raguenet. Mais qui aurait pu penser que la vie au Bois Raguenet existe depuis le n\u00e9olithique (- 5000 avant&#46;&#46;&#46;","og_url":"https:\/\/arbr.fr\/wordpress\/un-peu-dhistoire\/","og_site_name":"ARBR","article_modified_time":"2018-09-30T02:45:11+00:00","og_image":[{"url":"https:\/\/www.arbr.fr\/histoire\/chateau.jpg","type":"","width":"","height":""}],"twitter_card":"summary_large_image","twitter_misc":{"Dur\u00e9e de lecture estim\u00e9e":"9 minutes"},"schema":{"@context":"https:\/\/schema.org","@graph":[{"@type":"WebPage","@id":"https:\/\/arbr.fr\/wordpress\/un-peu-dhistoire\/","url":"https:\/\/arbr.fr\/wordpress\/un-peu-dhistoire\/","name":"Un peu d'histoire... - ARBR","isPartOf":{"@id":"https:\/\/arbr.fr\/wordpress\/#website"},"primaryImageOfPage":{"@id":"https:\/\/arbr.fr\/wordpress\/un-peu-dhistoire\/#primaryimage"},"image":{"@id":"https:\/\/arbr.fr\/wordpress\/un-peu-dhistoire\/#primaryimage"},"thumbnailUrl":"https:\/\/www.arbr.fr\/histoire\/chateau.jpg","datePublished":"2017-04-01T13:22:27+00:00","dateModified":"2018-09-30T02:45:11+00:00","breadcrumb":{"@id":"https:\/\/arbr.fr\/wordpress\/un-peu-dhistoire\/#breadcrumb"},"inLanguage":"fr-FR","potentialAction":[{"@type":"ReadAction","target":["https:\/\/arbr.fr\/wordpress\/un-peu-dhistoire\/"]}]},{"@type":"ImageObject","inLanguage":"fr-FR","@id":"https:\/\/arbr.fr\/wordpress\/un-peu-dhistoire\/#primaryimage","url":"https:\/\/www.arbr.fr\/histoire\/chateau.jpg","contentUrl":"https:\/\/www.arbr.fr\/histoire\/chateau.jpg"},{"@type":"BreadcrumbList","@id":"https:\/\/arbr.fr\/wordpress\/un-peu-dhistoire\/#breadcrumb","itemListElement":[{"@type":"ListItem","position":1,"name":"Accueil","item":"https:\/\/arbr.fr\/wordpress\/"},{"@type":"ListItem","position":2,"name":"Un peu d&rsquo;histoire&#8230;"}]},{"@type":"WebSite","@id":"https:\/\/arbr.fr\/wordpress\/#website","url":"https:\/\/arbr.fr\/wordpress\/","name":"ARBR","description":"Association des r\u00e9sidents du Bois Raguenet","publisher":{"@id":"https:\/\/arbr.fr\/wordpress\/#organization"},"potentialAction":[{"@type":"SearchAction","target":{"@type":"EntryPoint","urlTemplate":"https:\/\/arbr.fr\/wordpress\/?s={search_term_string}"},"query-input":{"@type":"PropertyValueSpecification","valueRequired":true,"valueName":"search_term_string"}}],"inLanguage":"fr-FR"},{"@type":"Organization","@id":"https:\/\/arbr.fr\/wordpress\/#organization","name":"ARBR","url":"https:\/\/arbr.fr\/wordpress\/","logo":{"@type":"ImageObject","inLanguage":"fr-FR","@id":"https:\/\/arbr.fr\/wordpress\/#\/schema\/logo\/image\/","url":"https:\/\/arbr.fr\/wordpress\/wp-content\/uploads\/2017\/03\/0.png","contentUrl":"https:\/\/arbr.fr\/wordpress\/wp-content\/uploads\/2017\/03\/0.png","width":650,"height":283,"caption":"ARBR"},"image":{"@id":"https:\/\/arbr.fr\/wordpress\/#\/schema\/logo\/image\/"}}]}},"_links":{"self":[{"href":"https:\/\/arbr.fr\/wordpress\/wp-json\/wp\/v2\/pages\/338"}],"collection":[{"href":"https:\/\/arbr.fr\/wordpress\/wp-json\/wp\/v2\/pages"}],"about":[{"href":"https:\/\/arbr.fr\/wordpress\/wp-json\/wp\/v2\/types\/page"}],"author":[{"embeddable":true,"href":"https:\/\/arbr.fr\/wordpress\/wp-json\/wp\/v2\/users\/1"}],"replies":[{"embeddable":true,"href":"https:\/\/arbr.fr\/wordpress\/wp-json\/wp\/v2\/comments?post=338"}],"version-history":[{"count":17,"href":"https:\/\/arbr.fr\/wordpress\/wp-json\/wp\/v2\/pages\/338\/revisions"}],"predecessor-version":[{"id":864,"href":"https:\/\/arbr.fr\/wordpress\/wp-json\/wp\/v2\/pages\/338\/revisions\/864"}],"wp:attachment":[{"href":"https:\/\/arbr.fr\/wordpress\/wp-json\/wp\/v2\/media?parent=338"}],"curies":[{"name":"wp","href":"https:\/\/api.w.org\/{rel}","templated":true}]}}